{"id":835,"date":"2019-07-11T01:41:03","date_gmt":"2019-07-11T05:41:03","guid":{"rendered":"http:\/\/colegiosantacecilia.cl\/new\/?page_id=835"},"modified":"2019-08-01T18:03:00","modified_gmt":"2019-08-01T22:03:00","slug":"noticias","status":"publish","type":"page","link":"http:\/\/colegiosantacecilia.cl\/new\/noticias\/","title":{"rendered":"Noticias"},"content":{"rendered":"<div class=\"pt-cv-wrapper\"><div class=\"pt-cv-view pt-cv-grid pt-cv-colsys pt-cv-content-hover effect-fi pt-cv-overlay-middle pt-cv-pginfinite\" id=\"pt-cv-view-9c1d5f4qdu\"><div data-id=\"pt-cv-page-1\" class=\"pt-cv-page\" data-cvc=\"3\"><div class=\"col-md-4 col-sm-6 col-xs-12 pt-cv-content-item pt-cv-1-col\"  data-pid=\"6991\"><div class='pt-cv-ifield'><div class=\"pt-cv-hover-wrapper\"><a href=\"http:\/\/colegiosantacecilia.cl\/new\/calendario-de-evaluaciones-septiembre-2026\/\" class=\"_self pt-cv-href-thumbnail pt-cv-thumb-default cvplbd\" target=\"_self\" ><img fetchpriority=\"high\" decoding=\"async\" width=\"360\" height=\"240\" src=\"http:\/\/colegiosantacecilia.cl\/new\/wp-content\/uploads\/2026\/03\/AdobeStock_980579377-360x240.jpg\" class=\"pt-cv-thumbnail img-none no-lazyload \" alt=\"Calendario de Evaluaciones Septiembre\" \/><\/a><div class=\"pt-cv-mask\"><h5 class=\"pt-cv-animation-left pt-cv-title\"><a href=\"http:\/\/colegiosantacecilia.cl\/new\/calendario-de-evaluaciones-septiembre-2026\/\" class=\"_self cvplbd\" target=\"_self\" >Calendario de Evaluaciones Septiembre<\/a><\/h5><div class=\"pt-cv-animation-right pt-cv-content\">Estimadas familias: Hacemos llegar el calendario de evaluaciones programadas por las profesoras y profesores para septiembre de 2026 ...<\/div><\/div><\/div><\/div><\/div>\n<div class=\"col-md-4 col-sm-6 col-xs-12 pt-cv-content-item pt-cv-1-col\"  data-pid=\"6965\"><div class='pt-cv-ifield'><div class=\"pt-cv-hover-wrapper\"><a href=\"http:\/\/colegiosantacecilia.cl\/new\/eucaristia-de-primeras-comuniones-2026\/\" class=\"_self pt-cv-href-thumbnail pt-cv-thumb-default cvplbd\" target=\"_self\" ><img decoding=\"async\" width=\"360\" height=\"240\" src=\"http:\/\/colegiosantacecilia.cl\/new\/wp-content\/uploads\/2026\/08\/Primeras-Comuniones-2026-00116-360x240.jpg\" class=\"pt-cv-thumbnail img-none no-lazyload \" alt=\"Eucarist\u00eda de Primeras Comuniones 2026\" \/><\/a><div class=\"pt-cv-mask\"><h5 class=\"pt-cv-animation-left pt-cv-title\"><a href=\"http:\/\/colegiosantacecilia.cl\/new\/eucaristia-de-primeras-comuniones-2026\/\" class=\"_self cvplbd\" target=\"_self\" >Eucarist\u00eda de Primeras Comuniones 2026<\/a><\/h5><div class=\"pt-cv-animation-right pt-cv-content\">El domingo 16 de agosto, diez estudiantes Cecilianas recibieron por primera vez el sacramento de la Eucarist\u00eda. La ...<\/div><\/div><\/div><\/div><\/div>\n<div class=\"col-md-4 col-sm-6 col-xs-12 pt-cv-content-item pt-cv-1-col\"  data-pid=\"6953\"><div class='pt-cv-ifield'><div class=\"pt-cv-hover-wrapper\"><a href=\"http:\/\/colegiosantacecilia.cl\/new\/fiestas-patrias-2026-detalle-de-bailes-por-curso\/\" class=\"_self pt-cv-href-thumbnail pt-cv-thumb-default cvplbd\" target=\"_self\" ><img decoding=\"async\" width=\"360\" height=\"240\" src=\"http:\/\/colegiosantacecilia.cl\/new\/wp-content\/uploads\/2025\/09\/Copia-de-IMG_4283-360x240.jpg\" class=\"pt-cv-thumbnail img-none no-lazyload \" alt=\"Fiestas Patrias 2026 \u2013 Detalle de bailes por curso\" srcset=\"http:\/\/colegiosantacecilia.cl\/new\/wp-content\/uploads\/2025\/09\/Copia-de-IMG_4283-360x240.jpg 360w, http:\/\/colegiosantacecilia.cl\/new\/wp-content\/uploads\/2025\/09\/Copia-de-IMG_4283-300x200.jpg 300w, http:\/\/colegiosantacecilia.cl\/new\/wp-content\/uploads\/2025\/09\/Copia-de-IMG_4283-1024x682.jpg 1024w, http:\/\/colegiosantacecilia.cl\/new\/wp-content\/uploads\/2025\/09\/Copia-de-IMG_4283-768x512.jpg 768w, http:\/\/colegiosantacecilia.cl\/new\/wp-content\/uploads\/2025\/09\/Copia-de-IMG_4283-1536x1024.jpg 1536w, http:\/\/colegiosantacecilia.cl\/new\/wp-content\/uploads\/2025\/09\/Copia-de-IMG_4283.jpg 2000w\" sizes=\"(max-width: 360px) 100vw, 360px\" \/><\/a><div class=\"pt-cv-mask\"><h5 class=\"pt-cv-animation-left pt-cv-title\"><a href=\"http:\/\/colegiosantacecilia.cl\/new\/fiestas-patrias-2026-detalle-de-bailes-por-curso\/\" class=\"_self cvplbd\" target=\"_self\" >Fiestas Patrias 2026 \u2013 Detalle de bailes por curso<\/a><\/h5><div class=\"pt-cv-animation-right pt-cv-content\">De acuerdo a la comunicaci\u00f3n enviada a las familias, el s\u00e1bado 12 de septiembre la Comunidad Educativa del ...<\/div><\/div><\/div><\/div><\/div>\n<div class=\"col-md-4 col-sm-6 col-xs-12 pt-cv-content-item pt-cv-1-col\"  data-pid=\"6919\"><div class='pt-cv-ifield'><div class=\"pt-cv-hover-wrapper\"><a href=\"http:\/\/colegiosantacecilia.cl\/new\/admision-2027\/\" class=\"_self pt-cv-href-thumbnail pt-cv-thumb-default cvplbd\" target=\"_self\" ><img loading=\"lazy\" decoding=\"async\" width=\"360\" height=\"240\" src=\"http:\/\/colegiosantacecilia.cl\/new\/wp-content\/uploads\/2026\/08\/pendon_admisi-Recuperado-05-360x240.png\" class=\"pt-cv-thumbnail img-none no-lazyload \" alt=\"Admisi\u00f3n 2027\" \/><\/a><div class=\"pt-cv-mask\"><h5 class=\"pt-cv-animation-left pt-cv-title\"><a href=\"http:\/\/colegiosantacecilia.cl\/new\/admision-2027\/\" class=\"_self cvplbd\" target=\"_self\" >Admisi\u00f3n 2027<\/a><\/h5><div class=\"pt-cv-animation-right pt-cv-content\">El Colegio Santa Cecilia les da una cordial bienvenida al proceso de Admisi\u00f3n 2027. Con m\u00e1s de cien ...<\/div><\/div><\/div><\/div><\/div>\n<div class=\"col-md-4 col-sm-6 col-xs-12 pt-cv-content-item pt-cv-1-col\"  data-pid=\"6907\"><div class='pt-cv-ifield'><div class=\"pt-cv-hover-wrapper\"><a href=\"http:\/\/colegiosantacecilia.cl\/new\/maria-jesus-bahamonde-y-su-formacion-en-la-escuela-de-ballet-del-teatro-municipal-de-santiago\/\" class=\"_self pt-cv-href-thumbnail pt-cv-thumb-default cvplbd\" target=\"_self\" ><img loading=\"lazy\" decoding=\"async\" width=\"360\" height=\"240\" src=\"http:\/\/colegiosantacecilia.cl\/new\/wp-content\/uploads\/2026\/08\/Copia-de-PHOTO-2026-07-22-22-57-19-360x240.jpg\" class=\"pt-cv-thumbnail img-none no-lazyload \" alt=\"Mar\u00eda Jes\u00fas Bahamonde y su formaci\u00f3n en la Escuela de Ballet del Teatro Municipal de Santiago\" \/><\/a><div class=\"pt-cv-mask\"><h5 class=\"pt-cv-animation-left pt-cv-title\"><a href=\"http:\/\/colegiosantacecilia.cl\/new\/maria-jesus-bahamonde-y-su-formacion-en-la-escuela-de-ballet-del-teatro-municipal-de-santiago\/\" class=\"_self cvplbd\" target=\"_self\" >Mar\u00eda Jes\u00fas Bahamonde y su formaci\u00f3n en la Escuela de Ballet del Teatro Municipal de Santiago<\/a><\/h5><div class=\"pt-cv-animation-right pt-cv-content\">Con profundo orgullo, la Comunidad Educativa del Colegio Santa Cecilia destaca a la estudiante Mar\u00eda Jes\u00fas Bahamonde Serrano, ...<\/div><\/div><\/div><\/div><\/div>\n<div class=\"col-md-4 col-sm-6 col-xs-12 pt-cv-content-item pt-cv-1-col\"  data-pid=\"6892\"><div class='pt-cv-ifield'><div class=\"pt-cv-hover-wrapper\"><a href=\"http:\/\/colegiosantacecilia.cl\/new\/calendario-de-evaluaciones-agosto-2026\/\" class=\"_self pt-cv-href-thumbnail pt-cv-thumb-default cvplbd\" target=\"_self\" ><img loading=\"lazy\" decoding=\"async\" width=\"360\" height=\"240\" src=\"http:\/\/colegiosantacecilia.cl\/new\/wp-content\/uploads\/2026\/03\/AdobeStock_980579377-360x240.jpg\" class=\"pt-cv-thumbnail img-none no-lazyload \" alt=\"Calendario de Evaluaciones Agosto 2026\" \/><\/a><div class=\"pt-cv-mask\"><h5 class=\"pt-cv-animation-left pt-cv-title\"><a href=\"http:\/\/colegiosantacecilia.cl\/new\/calendario-de-evaluaciones-agosto-2026\/\" class=\"_self cvplbd\" target=\"_self\" >Calendario de Evaluaciones Agosto 2026<\/a><\/h5><div class=\"pt-cv-animation-right pt-cv-content\">Estimadas familias: Hacemos llegar el calendario de evaluaciones programadas por las profesoras y profesores para agosto de 2026 ...<\/div><\/div><\/div><\/div><\/div>\n<div class=\"col-md-4 col-sm-6 col-xs-12 pt-cv-content-item pt-cv-1-col\"  data-pid=\"6887\"><div class='pt-cv-ifield'><div class=\"pt-cv-hover-wrapper\"><a href=\"http:\/\/colegiosantacecilia.cl\/new\/monserrat-caceres-estudiante-de-ivo-medio-bicampeona-en-la-liga-formativa-femenina-de-basquetbol\/\" class=\"_self pt-cv-href-thumbnail pt-cv-thumb-default cvplbd\" target=\"_self\" ><img loading=\"lazy\" decoding=\"async\" width=\"360\" height=\"240\" src=\"http:\/\/colegiosantacecilia.cl\/new\/wp-content\/uploads\/2026\/07\/PHOTO-2026-07-27-13-06-20-360x240.jpg\" class=\"pt-cv-thumbnail img-none no-lazyload \" alt=\"Monserrat C\u00e1ceres, estudiante de IV\u00ba Medio bicampeona en la Liga Formativa Femenina de b\u00e1squetbol\" \/><\/a><div class=\"pt-cv-mask\"><h5 class=\"pt-cv-animation-left pt-cv-title\"><a href=\"http:\/\/colegiosantacecilia.cl\/new\/monserrat-caceres-estudiante-de-ivo-medio-bicampeona-en-la-liga-formativa-femenina-de-basquetbol\/\" class=\"_self cvplbd\" target=\"_self\" >Monserrat C\u00e1ceres, estudiante de IV\u00ba Medio bicampeona en la Liga Formativa Femenina de b\u00e1squetbol<\/a><\/h5><div class=\"pt-cv-animation-right pt-cv-content\">Con alegr\u00eda, la Comunidad Educativa del Colegio Santa Cecilia comparte una noticia que nos llena de orgullo. Este ...<\/div><\/div><\/div><\/div><\/div>\n<div class=\"col-md-4 col-sm-6 col-xs-12 pt-cv-content-item pt-cv-1-col\"  data-pid=\"6883\"><div class='pt-cv-ifield'><div class=\"pt-cv-hover-wrapper\"><a href=\"http:\/\/colegiosantacecilia.cl\/new\/estudiante-ceciliana-se-integra-al-consejo-consultivo-comunal-de-ninos-ninas-y-adolescentes-de-santiago\/\" class=\"_self pt-cv-href-thumbnail pt-cv-thumb-default cvplbd\" target=\"_self\" ><img loading=\"lazy\" decoding=\"async\" width=\"360\" height=\"240\" src=\"http:\/\/colegiosantacecilia.cl\/new\/wp-content\/uploads\/2026\/07\/Copia-de-b02b9ec7-24d1-450e-8151-ba6cfaad39a6-360x240.jpg\" class=\"pt-cv-thumbnail img-none no-lazyload \" alt=\"Estudiante Ceciliana se integra al Consejo Consultivo Comunal de Ni\u00f1os, Ni\u00f1as y Adolescentes de Santiago\" \/><\/a><div class=\"pt-cv-mask\"><h5 class=\"pt-cv-animation-left pt-cv-title\"><a href=\"http:\/\/colegiosantacecilia.cl\/new\/estudiante-ceciliana-se-integra-al-consejo-consultivo-comunal-de-ninos-ninas-y-adolescentes-de-santiago\/\" class=\"_self cvplbd\" target=\"_self\" >Estudiante Ceciliana se integra al Consejo Consultivo Comunal de Ni\u00f1os, Ni\u00f1as y Adolescentes de Santiago<\/a><\/h5><div class=\"pt-cv-animation-right pt-cv-content\">Con alegr\u00eda, la Comunidad Educativa del Colegio Santa Cecilia comparte que la estudiante Mar\u00eda Paz Irarr\u00e1zabal Silva, quien ...<\/div><\/div><\/div><\/div><\/div>\n<div class=\"col-md-4 col-sm-6 col-xs-12 pt-cv-content-item pt-cv-1-col\"  data-pid=\"6879\"><div class='pt-cv-ifield'><div class=\"pt-cv-hover-wrapper\"><a href=\"http:\/\/colegiosantacecilia.cl\/new\/comunicado-suspension-de-clases-viernes-17-de-julio\/\" class=\"_self pt-cv-href-thumbnail pt-cv-thumb-default cvplbd\" target=\"_self\" ><img loading=\"lazy\" decoding=\"async\" width=\"360\" height=\"240\" src=\"http:\/\/colegiosantacecilia.cl\/new\/wp-content\/uploads\/2025\/06\/pendon_admisi-Recuperado-03-1-360x240.png\" class=\"pt-cv-thumbnail img-none no-lazyload \" alt=\"Comunicado Suspensi\u00f3n de clases viernes 17 de julio\" \/><\/a><div class=\"pt-cv-mask\"><h5 class=\"pt-cv-animation-left pt-cv-title\"><a href=\"http:\/\/colegiosantacecilia.cl\/new\/comunicado-suspension-de-clases-viernes-17-de-julio\/\" class=\"_self cvplbd\" target=\"_self\" >Comunicado Suspensi\u00f3n de clases viernes 17 de julio<\/a><\/h5><div class=\"pt-cv-animation-right pt-cv-content\">Estimadas Familias del Colegio Santa Cecilia: Atendiendo la determinaci\u00f3n de las autoridades y la alarma meteorol\u00f3gica emitida por ...<\/div><\/div><\/div><\/div><\/div>\n<div class=\"col-md-4 col-sm-6 col-xs-12 pt-cv-content-item pt-cv-1-col\"  data-pid=\"6862\"><div class='pt-cv-ifield'><div class=\"pt-cv-hover-wrapper\"><a href=\"http:\/\/colegiosantacecilia.cl\/new\/calendario-de-evaluaciones-julio-2026\/\" class=\"_self pt-cv-href-thumbnail pt-cv-thumb-default cvplbd\" target=\"_self\" ><img loading=\"lazy\" decoding=\"async\" width=\"360\" height=\"240\" src=\"http:\/\/colegiosantacecilia.cl\/new\/wp-content\/uploads\/2026\/03\/AdobeStock_980579377-360x240.jpg\" class=\"pt-cv-thumbnail img-none no-lazyload \" alt=\"Calendario de Evaluaciones Julio 2026\" \/><\/a><div class=\"pt-cv-mask\"><h5 class=\"pt-cv-animation-left pt-cv-title\"><a href=\"http:\/\/colegiosantacecilia.cl\/new\/calendario-de-evaluaciones-julio-2026\/\" class=\"_self cvplbd\" target=\"_self\" >Calendario de Evaluaciones Julio 2026<\/a><\/h5><div class=\"pt-cv-animation-right pt-cv-content\">Estimadas familias: Hacemos llegar el calendario de evaluaciones programadas por las profesoras y profesores para julio de 2026 ...<\/div><\/div><\/div><\/div><\/div>\n<div class=\"col-md-4 col-sm-6 col-xs-12 pt-cv-content-item pt-cv-1-col\"  data-pid=\"6856\"><div class='pt-cv-ifield'><div class=\"pt-cv-hover-wrapper\"><a href=\"http:\/\/colegiosantacecilia.cl\/new\/vacunacion-escolar-2026-4-5-y-8-basico\/\" class=\"_self pt-cv-href-thumbnail pt-cv-thumb-default cvplbd\" target=\"_self\" ><img loading=\"lazy\" decoding=\"async\" width=\"360\" height=\"240\" src=\"http:\/\/colegiosantacecilia.cl\/new\/wp-content\/uploads\/2024\/01\/fondocomunicado-02-360x240.png\" class=\"pt-cv-thumbnail img-none no-lazyload \" alt=\"Vacunaci\u00f3n Escolar 2026: 4\u00b0, 5\u00b0 y 8\u00b0 B\u00e1sico\" \/><\/a><div class=\"pt-cv-mask\"><h5 class=\"pt-cv-animation-left pt-cv-title\"><a href=\"http:\/\/colegiosantacecilia.cl\/new\/vacunacion-escolar-2026-4-5-y-8-basico\/\" class=\"_self cvplbd\" target=\"_self\" >Vacunaci\u00f3n Escolar 2026: 4\u00b0, 5\u00b0 y 8\u00b0 B\u00e1sico<\/a><\/h5><div class=\"pt-cv-animation-right pt-cv-content\">De acuerdo a la comunicaci\u00f3n enviada a las familias, el viernes 10 de julio el vacunatorio del CESFAM ...<\/div><\/div><\/div><\/div><\/div>\n<div class=\"col-md-4 col-sm-6 col-xs-12 pt-cv-content-item pt-cv-1-col\"  data-pid=\"6850\"><div class='pt-cv-ifield'><div class=\"pt-cv-hover-wrapper\"><a href=\"http:\/\/colegiosantacecilia.cl\/new\/salidas-pedagogicas-1o-semestre-2026-cecilianas-conocen-la-industria-alimentaria-en-terreno\/\" class=\"_self pt-cv-href-thumbnail pt-cv-thumb-default cvplbd\" target=\"_self\" ><img loading=\"lazy\" decoding=\"async\" width=\"360\" height=\"240\" src=\"http:\/\/colegiosantacecilia.cl\/new\/wp-content\/uploads\/2026\/06\/Copia-de-1_IMG_4935-360x240.jpeg\" class=\"pt-cv-thumbnail img-none no-lazyload \" alt=\"Salidas Pedag\u00f3gicas 1\u00ba Semestre 2026: Cecilianas conocen la industria alimentaria en terreno\" \/><\/a><div class=\"pt-cv-mask\"><h5 class=\"pt-cv-animation-left pt-cv-title\"><a href=\"http:\/\/colegiosantacecilia.cl\/new\/salidas-pedagogicas-1o-semestre-2026-cecilianas-conocen-la-industria-alimentaria-en-terreno\/\" class=\"_self cvplbd\" target=\"_self\" >Salidas Pedag\u00f3gicas 1\u00ba Semestre 2026: Cecilianas conocen la industria alimentaria en terreno<\/a><\/h5><div class=\"pt-cv-animation-right pt-cv-content\">Durante el mes de junio, las Cecilianas de todos los niveles realizaron salidas pedag\u00f3gicas orientadas a conocer los ...<\/div><\/div><\/div><\/div><\/div><\/div><\/div>\n<div class=\"text-left pt-cv-pagination-wrapper\"><a href='http:\/\/colegiosantacecilia.cl\/new\/wp-json\/wp\/v2\/pages\/835\/?_page=2' onclick='event.preventDefault()' class=\"pt-cv-more btn btn-primary btn-sm\" data-totalpages=\"27\" data-nextpages=\"2\" data-sid=\"9c1d5f4qdu\" data-unid=\"\">More <span class=\"caret\"><\/span><\/a><img loading=\"lazy\" decoding=\"async\" width=\"15\" height=\"15\" class=\"pt-cv-spinner\" alt=\"Loading...\" src=\"data:image\/gif;base64,R0lGODlhDwAPALMPAMrKygwMDJOTkz09PZWVla+vr3p6euTk5M7OzuXl5TMzMwAAAJmZmWZmZszMzP\/\/\/yH\/C05FVFNDQVBFMi4wAwEAAAAh+QQFCgAPACwAAAAADwAPAAAEQvDJaZaZOIcV8iQK8VRX4iTYoAwZ4iCYoAjZ4RxejhVNoT+mRGP4cyF4Pp0N98sBGIBMEMOotl6YZ3S61Bmbkm4mAgAh+QQFCgAPACwAAAAADQANAAAENPDJSRSZeA418itN8QiK8BiLITVsFiyBBIoYqnoewAD4xPw9iY4XLGYSjkQR4UAUD45DLwIAIfkEBQoADwAsAAAAAA8ACQAABC\/wyVlamTi3nSdgwFNdhEJgTJoNyoB9ISYoQmdjiZPcj7EYCAeCF1gEDo4Dz2eIAAAh+QQFCgAPACwCAAAADQANAAAEM\/DJBxiYeLKdX3IJZT1FU0iIg2RNKx3OkZVnZ98ToRD4MyiDnkAh6BkNC0MvsAj0kMpHBAAh+QQFCgAPACwGAAAACQAPAAAEMDC59KpFDll73HkAA2wVY5KgiK5b0RRoI6MuzG6EQqCDMlSGheEhUAgqgUUAFRySIgAh+QQFCgAPACwCAAIADQANAAAEM\/DJKZNLND\/kkKaHc3xk+QAMYDKsiaqmZCxGVjSFFCxB1vwy2oOgIDxuucxAMTAJFAJNBAAh+QQFCgAPACwAAAYADwAJAAAEMNAs86q1yaWwwv2Ig0jUZx3OYa4XoRAfwADXoAwfo1+CIjyFRuEho60aSNYlOPxEAAAh+QQFCgAPACwAAAIADQANAAAENPA9s4y8+IUVcqaWJ4qEQozSoAzoIyhCK2NFU2SJk0hNnyEOhKR2AzAAj4Pj4GE4W0bkJQIAOw==\" \/><div class=\"clear pt-cv-clear-pagination\"><\/div><\/div><\/div>\t\t\t<style type=\"text\/css\" id=\"pt-cv-inline-style-c72881cv3n\">#pt-cv-view-9c1d5f4qdu.pt-cv-post-border { margin: 0; border-top-width: 1px; border-left-width: 1px }\n#pt-cv-view-9c1d5f4qdu.pt-cv-post-border { margin: 0; border-top-style: solid; border-left-style: solid }\n#pt-cv-view-9c1d5f4qdu.pt-cv-post-border .pt-cv-content-item   { border-right-width: 1px; border-bottom-width: 1px; border-right-style: solid; border-bottom-style: solid; }\n#pt-cv-view-9c1d5f4qdu .pt-cv-title a, #pt-cv-view-9c1d5f4qdu  .panel-title { font-family: 'Roboto Slab', Arial, serif !important; font-size: 18px !important; line-height: 1.3 !important; color: #ffffff !important; font-weight: 600 !important; }\n#pt-cv-view-9c1d5f4qdu  .pt-cv-title a:hover, #pt-cv-view-9c1d5f4qdu  .panel-title:hover   { color: #ffffff !important; }\n#pt-cv-view-9c1d5f4qdu .pt-cv-content , #pt-cv-view-9c1d5f4qdu  .pt-cv-content *:not(.pt-cv-readmore):not(style):not(script) { color: #ffffff !important; }\n#pt-cv-view-9c1d5f4qdu  .pt-cv-content-item:hover .pt-cv-hover-wrapper::before   { background-color: rgba(221,0,0,0.78) !important; }\n#pt-cv-view-9c1d5f4qdu .pt-cv-readmore  { color: #dd3333 !important; background-color: #ffffff !important; }\n#pt-cv-view-9c1d5f4qdu .pt-cv-readmore:hover  { color: #dd0000 !important; }\n#pt-cv-view-9c1d5f4qdu  + .pt-cv-pagination-wrapper .pt-cv-more , #pt-cv-view-9c1d5f4qdu  + .pt-cv-pagination-wrapper .pagination .active a { color: #ffffff !important; }<\/style>\r\n\t\t\t<link href='\/\/fonts.googleapis.com\/css?family=Roboto+Slab' rel='stylesheet' type='text\/css'>\n","protected":false},"excerpt":{"rendered":"","protected":false},"author":1,"featured_media":805,"parent":0,"menu_order":0,"comment_status":"closed","ping_status":"closed","template":"page-templates\/template-fullwidth.php","meta":{"footnotes":""},"class_list":["post-835","page","type-page","status-publish","has-post-thumbnail","hentry"],"_links":{"self":[{"href":"http:\/\/colegiosantacecilia.cl\/new\/wp-json\/wp\/v2\/pages\/835","targetHints":{"allow":["GET"]}}],"collection":[{"href":"http:\/\/colegiosantacecilia.cl\/new\/wp-json\/wp\/v2\/pages"}],"about":[{"href":"http:\/\/colegiosantacecilia.cl\/new\/wp-json\/wp\/v2\/types\/page"}],"author":[{"embeddable":true,"href":"http:\/\/colegiosantacecilia.cl\/new\/wp-json\/wp\/v2\/users\/1"}],"replies":[{"embeddable":true,"href":"http:\/\/colegiosantacecilia.cl\/new\/wp-json\/wp\/v2\/comments?post=835"}],"version-history":[{"count":1,"href":"http:\/\/colegiosantacecilia.cl\/new\/wp-json\/wp\/v2\/pages\/835\/revisions"}],"predecessor-version":[{"id":836,"href":"http:\/\/colegiosantacecilia.cl\/new\/wp-json\/wp\/v2\/pages\/835\/revisions\/836"}],"wp:featuredmedia":[{"embeddable":true,"href":"http:\/\/colegiosantacecilia.cl\/new\/wp-json\/wp\/v2\/media\/805"}],"wp:attachment":[{"href":"http:\/\/colegiosantacecilia.cl\/new\/wp-json\/wp\/v2\/media?parent=835"}],"curies":[{"name":"wp","href":"https:\/\/api.w.org\/{rel}","templated":true}]}}